{"id":1650,"date":"2022-02-13T22:12:46","date_gmt":"2022-02-13T21:12:46","guid":{"rendered":"http:\/\/www.pfad-amaliendorf-aalfang.at\/?page_id=1650"},"modified":"2022-02-15T15:06:04","modified_gmt":"2022-02-15T14:06:04","slug":"datenschutz","status":"publish","type":"page","link":"http:\/\/www.pfad-amaliendorf-aalfang.at\/?page_id=1650","title":{"rendered":"Datenschutz"},"content":{"rendered":"<div data-colibri-id=\"1650-c1\" class=\"style-1401 style-local-1650-c1 position-relative\">\n  <!---->\n  <div data-colibri-component=\"section\" data-colibri-id=\"1650-c2\" id=\"reusable-sections\" class=\"h-section h-section-global-spacing d-flex align-items-lg-center align-items-md-center align-items-center style-1402 style-local-1650-c2 position-relative\">\n    <!---->\n    <!---->\n    <div class=\"h-section-grid-container h-section-boxed-container\">\n      <!---->\n      <div data-colibri-id=\"1650-c3\" class=\"h-row-container gutters-row-lg-2 gutters-row-md-2 gutters-row-0 gutters-row-v-lg-2 gutters-row-v-md-2 gutters-row-v-2 style-1455 style-local-1650-c3 position-relative\">\n        <!---->\n        <div class=\"h-row justify-content-lg-center justify-content-md-center justify-content-center align-items-lg-stretch align-items-md-stretch align-items-stretch gutters-col-lg-2 gutters-col-md-2 gutters-col-0 gutters-col-v-lg-2 gutters-col-v-md-2 gutters-col-v-2\">\n          <!---->\n          <div class=\"h-column h-column-container d-flex h-col-lg-auto h-col-md-auto h-col-auto style-1456-outer style-local-1650-c4-outer\">\n            <div data-colibri-id=\"1650-c4\" class=\"d-flex h-flex-basis h-column__inner h-px-lg-2 h-px-md-2 h-px-2 v-inner-lg-2 v-inner-md-2 v-inner-2 style-1456 style-local-1650-c4 position-relative\">\n              <!---->\n              <!---->\n              <div class=\"w-100 h-y-container h-column__content h-column__v-align flex-basis-100 align-self-lg-start align-self-md-start align-self-start\">\n                <!---->\n                <div data-colibri-component=\"dropdown-menu\" role=\"navigation\" h-use-smooth-scroll-all=\"true\" data-colibri-id=\"1650-c5\" class=\"h-menu h-global-transition-all h-ignore-global-body-typography has-offcanvas-mobile h-menu-horizontal h-dropdown-menu style-1421 style-local-1650-c5 position-relative h-element\">\n                  <!---->\n                  <div class=\"h-global-transition-all h-main-menu\"><div class=\"colibri-menu-container\"><ul id=\"menu-hauptmenue\" class=\"colibri-menu bordered-active-item bordered-active-item--bottom effect-borders-grow grow-from-left\"><li id=\"menu-item-1080\" class=\"menu-item menu-item-type-post_type menu-item-object-page menu-item-home menu-item-1080\"><a href=\"http:\/\/www.pfad-amaliendorf-aalfang.at\/\">Der Pfad<\/a><\/li>\n<li id=\"menu-item-1091\" class=\"menu-item menu-item-type-post_type menu-item-object-page menu-item-1091\"><a href=\"http:\/\/www.pfad-amaliendorf-aalfang.at\/?page_id=1072\">Wanderkarte<\/a><\/li>\n<li id=\"menu-item-1090\" class=\"menu-item menu-item-type-post_type menu-item-object-page menu-item-1090\"><a href=\"http:\/\/www.pfad-amaliendorf-aalfang.at\/?page_id=1071\">Anfahrt<\/a><\/li>\n<li id=\"menu-item-1970\" class=\"menu-item menu-item-type-post_type menu-item-object-page menu-item-1970\"><a href=\"http:\/\/www.pfad-amaliendorf-aalfang.at\/?page_id=1939\">Aktuelles<\/a><\/li>\n<li id=\"menu-item-1092\" class=\"menu-item menu-item-type-post_type menu-item-object-page menu-item-1092\"><a href=\"http:\/\/www.pfad-amaliendorf-aalfang.at\/?page_id=1073\">Kontakt<\/a><\/li>\n<li id=\"menu-item-1087\" class=\"menu-item menu-item-type-post_type menu-item-object-page menu-item-1087\"><a href=\"http:\/\/www.pfad-amaliendorf-aalfang.at\/?page_id=1068\">Verein<\/a><\/li>\n<\/ul><\/div><\/div>\n                  <div data-colibri-id=\"1650-c6\" class=\"h-mobile-menu h-global-transition-disable style-1422 style-local-1650-c6 position-relative h-element\">\n                    <!---->\n                    <a data-click-outside=\"true\" data-target=\"#offcanvas-wrapper-1650-c6\" data-target-id=\"offcanvas-wrapper-1650-c6\" data-offcanvas-overlay-id=\"offcanvas-overlay-1650-c6\" href=\"#\" data-colibri-component=\"offcanvas\" data-direction=\"right\"\n                      data-push=\"false\" title=\"Menu\" class=\"h-hamburger-button\">\n                      <div class=\"icon-container h-hamburger-icon\">\n                        <div class=\"h-icon-svg\" style=\"width: 100%; height: 100%;\">\n                          <!--Icon by Font Awesome (https:\/\/fontawesome.com)-->\n                          <svg version=\"1.1\" xmlns=\"http:\/\/www.w3.org\/2000\/svg\" xmlns:xlink=\"http:\/\/www.w3.org\/1999\/xlink\" id=\"bars\" viewBox=\"0 0 1536 1896.0833\">\n                            <path d=\"M1536 1344v128q0 26-19 45t-45 19H64q-26 0-45-19t-19-45v-128q0-26 19-45t45-19h1408q26 0 45 19t19 45zm0-512v128q0 26-19 45t-45 19H64q-26 0-45-19T0 960V832q0-26 19-45t45-19h1408q26 0 45 19t19 45zm0-512v128q0 26-19 45t-45 19H64q-26 0-45-19T0 448V320q0-26 19-45t45-19h1408q26 0 45 19t19 45z\"><\/path>\n                          <\/svg>\n                        <\/div>\n                      <\/div>\n                    <\/a>\n                    <div id=\"offcanvas-wrapper-1650-c6\" class=\"h-offcanvas-panel offcanvas offcanvas-right hide force-hide style-1422-offscreen style-local-1650-c6-offscreen\">\n                      <div data-colibri-id=\"1650-c7\" class=\"d-flex flex-column h-offscreen-panel style-1423 style-local-1650-c7 position-relative h-element\">\n                        <!---->\n                        <div class=\"offscreen-header h-ui-empty-state-container\">\n                          <div data-colibri-id=\"1650-c9\" class=\"h-row-container gutters-row-lg-0 gutters-row-md-0 gutters-row-0 gutters-row-v-lg-0 gutters-row-v-md-0 gutters-row-v-0 style-1425 style-local-1650-c9 position-relative\">\n                            <!---->\n                            <div class=\"h-row justify-content-lg-center justify-content-md-center justify-content-center align-items-lg-stretch align-items-md-stretch align-items-stretch gutters-col-lg-0 gutters-col-md-0 gutters-col-0 gutters-col-v-lg-0 gutters-col-v-md-0 gutters-col-v-0\">\n                              <!---->\n                              <div class=\"h-column h-column-container d-flex h-col-lg h-col-md h-col-auto style-1426-outer style-local-1650-c10-outer\">\n                                <div data-colibri-id=\"1650-c10\" class=\"d-flex h-flex-basis h-column__inner h-px-lg-2 h-px-md-2 h-px-2 v-inner-lg-2 v-inner-md-2 v-inner-2 style-1426 style-local-1650-c10 position-relative\">\n                                  <!---->\n                                  <!---->\n                                  <div class=\"w-100 h-y-container h-column__content h-column__v-align flex-basis-100 align-self-lg-start align-self-md-start align-self-start\">\n                                    <!---->\n                                    <div data-colibri-id=\"1650-c11\" class=\"d-flex align-items-center text-lg-center text-md-center text-center justify-content-lg-center justify-content-md-center justify-content-center style-1427 style-local-1650-c11 position-relative h-element\">\n                                      <!---->\n                                      <a rel=\"home\" href=\"http:\/\/www.pfad-amaliendorf-aalfang.at\/\" h-use-smooth-scroll=\"true\" class=\"d-flex align-items-center\">\n                                        <img decoding=\"async\" src=\"http:\/\/www.pfad-amaliendorf-aalfang.at\/wp-content\/uploads\/2023\/04\/Pfad-Logo-interlaced.png\" class=\"h-logo__image h-logo__image_h logo-image style-1427-image style-local-1650-c11-image\" alt=\"\" \/>\n                                        <img decoding=\"async\" src=\"http:\/\/www.pfad-amaliendorf-aalfang.at\/wp-content\/uploads\/2022\/02\/cropped-Pfad-Logo.jpg\" class=\"h-logo__alt-image h-logo__alt-image_h logo-alt-image style-1427-image style-local-1650-c11-image\" alt=\"\" \/>\n                                      <\/a>\n                                    <\/div>\n                                  <\/div>\n                                <\/div>\n                              <\/div>\n                            <\/div>\n                          <\/div>\n                        <\/div>\n                        <div class=\"offscreen-content\">\n                          <!---->\n                          <div data-colibri-component=\"accordion-menu\" role=\"navigation\" h-use-smooth-scroll-all=\"true\" data-colibri-id=\"1650-c8\" class=\"h-menu h-global-transition-all h-ignore-global-body-typography h-mobile-menu h-menu-accordion style-1424 style-local-1650-c8 position-relative h-element\">\n                            <!---->\n                            <div class=\"h-global-transition-all h-mobile-menu\"><div class=\"colibri-menu-container\"><ul id=\"menu-hauptmenue-1\" class=\"colibri-menu none \"><li class=\"menu-item menu-item-type-post_type menu-item-object-page menu-item-home menu-item-1080\"><a href=\"http:\/\/www.pfad-amaliendorf-aalfang.at\/\">Der Pfad<\/a><\/li>\n<li class=\"menu-item menu-item-type-post_type menu-item-object-page menu-item-1091\"><a href=\"http:\/\/www.pfad-amaliendorf-aalfang.at\/?page_id=1072\">Wanderkarte<\/a><\/li>\n<li class=\"menu-item menu-item-type-post_type menu-item-object-page menu-item-1090\"><a href=\"http:\/\/www.pfad-amaliendorf-aalfang.at\/?page_id=1071\">Anfahrt<\/a><\/li>\n<li class=\"menu-item menu-item-type-post_type menu-item-object-page menu-item-1970\"><a href=\"http:\/\/www.pfad-amaliendorf-aalfang.at\/?page_id=1939\">Aktuelles<\/a><\/li>\n<li class=\"menu-item menu-item-type-post_type menu-item-object-page menu-item-1092\"><a href=\"http:\/\/www.pfad-amaliendorf-aalfang.at\/?page_id=1073\">Kontakt<\/a><\/li>\n<li class=\"menu-item menu-item-type-post_type menu-item-object-page menu-item-1087\"><a href=\"http:\/\/www.pfad-amaliendorf-aalfang.at\/?page_id=1068\">Verein<\/a><\/li>\n<\/ul><\/div><\/div>\n                          <\/div>\n                        <\/div>\n                        <div class=\"offscreen-footer h-ui-empty-state-container\">\n                          <div data-colibri-id=\"1650-c12\" class=\"h-row-container gutters-row-lg-0 gutters-row-md-0 gutters-row-0 gutters-row-v-lg-0 gutters-row-v-md-0 gutters-row-v-0 style-1428 style-local-1650-c12 position-relative\">\n                            <!---->\n                            <div class=\"h-row justify-content-lg-center justify-content-md-center justify-content-center align-items-lg-stretch align-items-md-stretch align-items-stretch gutters-col-lg-0 gutters-col-md-0 gutters-col-0 gutters-col-v-lg-0 gutters-col-v-md-0 gutters-col-v-0\">\n                              <!---->\n                              <div class=\"h-column h-column-container d-flex h-col-lg h-col-md h-col-auto style-1429-outer style-local-1650-c13-outer\">\n                                <div data-colibri-id=\"1650-c13\" class=\"d-flex h-flex-basis h-column__inner h-px-lg-2 h-px-md-2 h-px-2 v-inner-lg-2 v-inner-md-2 v-inner-2 style-1429 style-local-1650-c13 position-relative\">\n                                  <!---->\n                                  <!---->\n                                  <div class=\"w-100 h-y-container h-column__content h-column__v-align flex-basis-100 align-self-lg-start align-self-md-start align-self-start\">\n                                    <!---->\n                                    <div data-colibri-id=\"1650-c14\" class=\"h-text h-text-component style-1430 style-local-1650-c14 position-relative h-element\">\n                                      <!---->\n                                      <!---->\n                                      <div class=\"\">\n                                        <p>\u00a9 2022<\/p>\n                                      <\/div>\n                                    <\/div>\n                                  <\/div>\n                                <\/div>\n                              <\/div>\n                            <\/div>\n                          <\/div>\n                        <\/div>\n                      <\/div>\n                    <\/div>\n                    <div id=\"offcanvas-overlay-1650-c6\" class=\"offscreen-overlay style-1422-offscreenOverlay style-local-1650-c6-offscreenOverlay\"><\/div>\n                  <\/div>\n                <\/div>\n              <\/div>\n            <\/div>\n          <\/div>\n        <\/div>\n      <\/div>\n      <div data-colibri-id=\"1650-c15\" class=\"h-row-container gutters-row-lg-2 gutters-row-md-2 gutters-row-0 gutters-row-v-lg-2 gutters-row-v-md-2 gutters-row-v-2 style-1457 style-local-1650-c15 position-relative\">\n        <!---->\n        <div class=\"h-row justify-content-lg-center justify-content-md-center justify-content-center align-items-lg-stretch align-items-md-stretch align-items-stretch gutters-col-lg-2 gutters-col-md-2 gutters-col-0 gutters-col-v-lg-2 gutters-col-v-md-2 gutters-col-v-2\">\n          <!---->\n          <div class=\"h-column h-column-container d-flex h-col-lg-auto h-col-md-auto h-col-auto style-1458-outer style-local-1650-c16-outer\">\n            <div data-colibri-id=\"1650-c16\" class=\"d-flex h-flex-basis h-column__inner h-px-lg-2 h-px-md-2 h-px-2 v-inner-lg-2 v-inner-md-2 v-inner-2 style-1458 style-local-1650-c16 position-relative\">\n              <!---->\n              <!---->\n              <div class=\"w-100 h-y-container h-column__content h-column__v-align flex-basis-100 align-self-lg-start align-self-md-start align-self-start\">\n                <!---->\n                <div data-colibri-id=\"1650-c17\" class=\"h-text h-text-component style-1460 style-local-1650-c17 position-relative h-element\">\n                  <!---->\n                  <!---->\n                  <div class=\"\">\n                    <h1><strong style=\"font-size: 44%; color: rgb(255, 255, 255); font-weight: 400; font-family: Tinos;\">Datenschutzerkl\u00e4rung<\/strong><\/h1>\n                    <h2><span style=\"font-size: 23%; color: rgb(255, 255, 255); font-family: Tinos;\">Hinweise zur Datenverarbeitung im Zusammenhang mit Google Analytics<\/span><\/h2>\n                    <p><span style=\"font-size: 75%; color: rgb(255, 255, 255); font-family: Tinos;\">Diese Website benutzt Google Analytics, einen Webanalysedienst der Google Ireland Limited. Wenn der Verantwortliche f\u00fcr die Datenverarbeitung auf dieser Website au\u00dferhalb des Europ\u00e4ischen Wirtschaftsraumes oder der Schweiz sitzt, dann erfolgt die Google Analytics Datenverarbeitung durch Google LLC. Google LLC und Google Ireland Limited werden nachfolgend &#8222;Google&#8220; genannt.Google Analytics verwendet sog. &#8222;Cookies&#8220;, Textdateien, die auf dem Computer des Seitenbesuchers gespeichert werden und die eine Analyse der Benutzung der Website durch den Seitenbesucher erm\u00f6glichen. Die durch das Cookie erzeugten Informationen \u00fcber die Benutzung dieser Website durch den Seitenbesucher (einschlie\u00dflich der gek\u00fcrzten IP-Adresse) werden in der Regel an einen Server von Google \u00fcbertragen und dort gespeichert.Google Analytics wird ausschlie\u00dflich mit der Erweiterung &#8222;_anonymizeIp()&#8220; auf dieser Website verwendet. Diese Erweiterung stellt eine Anonymisierung der IP-Adresse durch K\u00fcrzung sicher und schlie\u00dft eine direkte Personenbeziehbarkeit aus. Durch die Erweiterung wird die IP-Adresse von Google innerhalb von Mitgliedstaaten der Europ\u00e4ischen Union oder in anderen Vertragsstaaten des Abkommens \u00fcber den Europ\u00e4ischen Wirtschaftsraum zuvor gek\u00fcrzt. Nur in Ausnahmef\u00e4llen wird die volle IP-Adresse an einen Server von Google in den USA \u00fcbertragen und dort gek\u00fcrzt. Die im Rahmen von Google Analytics von dem entsprechenden Browser \u00fcbermittelte IP-Adresse wird nicht mit anderen Daten von Google zusammengef\u00fchrt.Im Auftrag des Seitenbetreibers wird Google die anfallenden Informationen benutzen, um die Nutzung der Website auszuwerten, um Reports \u00fcber die Websiteaktivit\u00e4ten zusammenzustellen und um weitere mit der Websitenutzung und der Internetnutzung verbundene Dienstleistungen dem Seitenbetreiber gegen\u00fcber zu erbringen (Art. 6 Abs. 1 lit. f DSGVO). Das berechtigte Interesse an der Datenverarbeitung liegt in der Optimierung dieser Website, der Analyse der Benutzung der Website und der Anpassung der Inhalte. Die Interessen der Nutzer werden durch die Pseudonymisierung hinreichend gewahrt.Google LLC. bietet eine Garantie auf Basis der Standardvertragsklauseln ein angemessenes Datenschutzniveau einzuhalten. Die gesendeten und mit Cookies, Nutzerkennungen (z. B. User-ID) oder Werbe-IDs verkn\u00fcpften Daten werden nach 50 Monaten automatisch gel\u00f6scht. Die L\u00f6schung von Daten, deren Aufbewahrungsdauer erreicht ist, erfolgt automatisch einmal im Monat.Die Erfassung durch Google Analytics kann verhindert werden, indem der Seitenbesucher die Cookie-Einstellungen f\u00fcr diese Website anpasst. Der Erfassung und Speicherung der IP-Adresse und der durch Cookies erzeugten Daten kann au\u00dferdem jederzeit mit Wirkung f\u00fcr die Zukunft widersprochen werden. Das entsprechende Browser- Plugin kann unter dem folgenden Link heruntergeladen und installiert werden:&nbsp;<\/span>\n                      <a href=\"http:\/\/tools.google.com\/dlpage\/gaoptout\" target=\"_blank\" style=\"font-size: 75%; color: rgb(255, 255, 255); font-family: Tinos;\" class=\"customize-unpreviewable\" rel=\"noopener\">https:\/\/tools.google.com\/dlpage\/gaoptout<\/a><span style=\"font-size: 75%; color: rgb(255, 255, 255); font-family: Tinos;\">.Der Seitenbesucher kann die Erfassung durch Google Analytics auf dieser Webseite verhindern, indem er auf folgenden&nbsp;Link&nbsp;klickt. Es wird ein Opt-Out-Cookie gesetzt, der die zuk\u00fcnftige Erfassung der Daten beim Besuch dieser Website verhindert.Weitere Informationen zur Datennutzung durch Google, Einstellungs- und Widerspruchsm\u00f6glichkeiten, finden sich in der Datenschutzerkl\u00e4rung von Google (<\/span>\n                        <a href=\"https:\/\/policies.google.com\/privacy\" target=\"_blank\" style=\"font-size: 75%; color: rgb(255, 255, 255); font-family: Tinos;\" class=\"customize-unpreviewable\" rel=\"noopener\">https:\/\/policies.google.com\/privacy<\/a><span style=\"font-size: 75%; color: rgb(255, 255, 255); font-family: Tinos;\">) sowie in den Einstellungen f\u00fcr die Darstellung von Werbeeinblendungen durch Google (<\/span>\n                          <a href=\"https:\/\/adssettings.google.com\/authenticated\" target=\"_blank\" style=\"font-size: 75%; color: rgb(255, 255, 255); font-family: Tinos;\" class=\"customize-unpreviewable\" rel=\"noopener\">https:\/\/adssettings.google.com\/authenticated<\/a><span style=\"font-size: 75%; color: rgb(255, 255, 255); font-family: Tinos;\">).<\/span><\/p>\n                    <h2><span style=\"font-size: 42%; color: rgb(255, 255, 255); font-family: Tinos;\">reCAPTCHA<\/span><\/h2>\n                    <p><span style=\"font-size: 75%; color: rgb(255, 255, 255); font-family: Tinos;\">Zum Schutz Ihrer Anfragen per Internetformular verwenden wir den Dienst reCAPTCHA des Unternehmens Google LLC (Google). Die Abfrage dient der Unterscheidung, ob die Eingabe durch einen Menschen oder missbr\u00e4uchlich durch automatisierte, maschinelle Verarbeitung erfolgt. Die Abfrage schlie\u00dft den Versand der IP-Adresse und ggf. weiterer von Google f\u00fcr den Dienst reCAPTCHA ben\u00f6tigter Daten an Google ein. Zu diesem Zweck wird Ihre Eingabe an Google \u00fcbermittelt und dort weiter verwendet. Ihre IP-Adresse wird von Google jedoch innerhalb von Mitgliedstaaten der Europ\u00e4ischen Union oder in anderen Vertragsstaaten des Abkommens \u00fcber den Europ\u00e4ischen Wirtschaftsraum zuvor gek\u00fcrzt. Nur in Ausnahmef\u00e4llen wird die volle IP-Adresse an einen Server von Google in den USA \u00fcbertragen und dort gek\u00fcrzt. Im Auftrag des Betreibers dieser Website wird Google diese Informationen benutzen, um Ihre Nutzung dieses Dienstes auszuwerten. Die im Rahmen von reCaptcha von Ihrem Browser \u00fcbermittelte IP-Adresse wird nicht mit anderen Daten von Google zusammengef\u00fchrt. F\u00fcr diese Daten gelten die abweichenden Datenschutzbestimmungen des Unternehmens Google. Weitere Informationen zu den Datenschutzrichtlinien von Google finden Sie unter:&nbsp;<\/span>\n                      <a href=\"https:\/\/policies.google.com\/privacy?hl=de\" target=\"_blank\" class=\"customize-unpreviewable\" style=\"font-size: 75%; color: rgb(255, 255, 255); font-family: Tinos;\" rel=\"noopener\">https:\/\/policies.google.com\/privacy?hl=de<\/a>\n                    <\/p>\n                    <p>\n                      <br>\n                    <\/p>\n                  <\/div>\n                <\/div>\n              <\/div>\n            <\/div>\n          <\/div>\n        <\/div>\n      <\/div>\n    <\/div>\n  <\/div>\n<\/div>","protected":false},"excerpt":{"rendered":"<p>\u00a9 2022 Datenschutzerkl\u00e4rung Hinweise zur Datenverarbeitung im Zusammenhang mit Google Analytics Diese Website benutzt Google Analytics, einen Webanalysedienst der Google Ireland Limited. Wenn der Verantwortliche f\u00fcr die Datenverarbeitung auf dieser Website au\u00dferhalb des Europ\u00e4ischen Wirtschaftsraumes oder der Schweiz sitzt, dann erfolgt die Google Analytics Datenverarbeitung durch Google LLC. Google LLC und Google Ireland Limited werden [&hellip;]<\/p>\n","protected":false},"author":1,"featured_media":0,"parent":0,"menu_order":0,"comment_status":"closed","ping_status":"closed","template":"page-templates\/full-width-page.php","meta":{"footnotes":""},"class_list":["post-1650","page","type-page","status-publish","hentry"],"yoast_head":"<!-- This site is optimized with the Yoast SEO plugin v19.3 - https:\/\/yoast.com\/wordpress\/plugins\/seo\/ -->\n<title>Datenschutz - Pfad Amaliendorf-Aalfang<\/title>\n<meta name=\"robots\" content=\"index, follow, max-snippet:-1, max-image-preview:large, max-video-preview:-1\" \/>\n<link rel=\"canonical\" href=\"http:\/\/www.pfad-amaliendorf-aalfang.at\/?page_id=1650\" \/>\n<meta property=\"og:locale\" content=\"de_DE\" \/>\n<meta property=\"og:type\" content=\"article\" \/>\n<meta property=\"og:title\" content=\"Datenschutz - Pfad Amaliendorf-Aalfang\" \/>\n<meta property=\"og:description\" content=\"\u00a9 2022 Datenschutzerkl\u00e4rung Hinweise zur Datenverarbeitung im Zusammenhang mit Google Analytics Diese Website benutzt Google Analytics, einen Webanalysedienst der Google Ireland Limited. Wenn der Verantwortliche f\u00fcr die Datenverarbeitung auf dieser Website au\u00dferhalb des Europ\u00e4ischen Wirtschaftsraumes oder der Schweiz sitzt, dann erfolgt die Google Analytics Datenverarbeitung durch Google LLC. Google LLC und Google Ireland Limited werden [&hellip;]\" \/>\n<meta property=\"og:url\" content=\"http:\/\/www.pfad-amaliendorf-aalfang.at\/?page_id=1650\" \/>\n<meta property=\"og:site_name\" content=\"Pfad Amaliendorf-Aalfang\" \/>\n<meta property=\"article:modified_time\" content=\"2022-02-15T14:06:04+00:00\" \/>\n<meta property=\"og:image\" content=\"http:\/\/www.pfad-amaliendorf-aalfang.at\/wp-content\/uploads\/2022\/02\/cropped-Pfad-Logo.jpg\" \/>\n<meta name=\"twitter:card\" content=\"summary_large_image\" \/>\n<meta name=\"twitter:label1\" content=\"Gesch\u00e4tzte Lesezeit\" \/>\n\t<meta name=\"twitter:data1\" content=\"3\u00a0Minuten\" \/>\n<script type=\"application\/ld+json\" class=\"yoast-schema-graph\">{\"@context\":\"https:\/\/schema.org\",\"@graph\":[{\"@type\":\"Organization\",\"@id\":\"http:\/\/www.pfad-amaliendorf-aalfang.at\/#organization\",\"name\":\"Pfad Amaliendorf-Aalfang\",\"url\":\"http:\/\/www.pfad-amaliendorf-aalfang.at\/\",\"sameAs\":[],\"logo\":{\"@type\":\"ImageObject\",\"inLanguage\":\"de\",\"@id\":\"http:\/\/www.pfad-amaliendorf-aalfang.at\/#\/schema\/logo\/image\/\",\"url\":\"http:\/\/www.pfad-amaliendorf-aalfang.at\/wp-content\/uploads\/2022\/02\/Pfad-Logo.jpg\",\"contentUrl\":\"http:\/\/www.pfad-amaliendorf-aalfang.at\/wp-content\/uploads\/2022\/02\/Pfad-Logo.jpg\",\"width\":810,\"height\":734,\"caption\":\"Pfad Amaliendorf-Aalfang\"},\"image\":{\"@id\":\"http:\/\/www.pfad-amaliendorf-aalfang.at\/#\/schema\/logo\/image\/\"}},{\"@type\":\"WebSite\",\"@id\":\"http:\/\/www.pfad-amaliendorf-aalfang.at\/#website\",\"url\":\"http:\/\/www.pfad-amaliendorf-aalfang.at\/\",\"name\":\"Pfad Amaliendorf-Aalfang\",\"description\":\"Ihr Wandererlebnis in Amaliendorf-Aalfang\",\"publisher\":{\"@id\":\"http:\/\/www.pfad-amaliendorf-aalfang.at\/#organization\"},\"potentialAction\":[{\"@type\":\"SearchAction\",\"target\":{\"@type\":\"EntryPoint\",\"urlTemplate\":\"http:\/\/www.pfad-amaliendorf-aalfang.at\/?s={search_term_string}\"},\"query-input\":\"required name=search_term_string\"}],\"inLanguage\":\"de\"},{\"@type\":\"ImageObject\",\"inLanguage\":\"de\",\"@id\":\"http:\/\/www.pfad-amaliendorf-aalfang.at\/?page_id=1650#primaryimage\",\"url\":\"http:\/\/www.pfad-amaliendorf-aalfang.at\/wp-content\/uploads\/2022\/02\/cropped-Pfad-Logo.jpg\",\"contentUrl\":\"http:\/\/www.pfad-amaliendorf-aalfang.at\/wp-content\/uploads\/2022\/02\/cropped-Pfad-Logo.jpg\",\"width\":735,\"height\":733},{\"@type\":\"WebPage\",\"@id\":\"http:\/\/www.pfad-amaliendorf-aalfang.at\/?page_id=1650\",\"url\":\"http:\/\/www.pfad-amaliendorf-aalfang.at\/?page_id=1650\",\"name\":\"Datenschutz - Pfad Amaliendorf-Aalfang\",\"isPartOf\":{\"@id\":\"http:\/\/www.pfad-amaliendorf-aalfang.at\/#website\"},\"primaryImageOfPage\":{\"@id\":\"http:\/\/www.pfad-amaliendorf-aalfang.at\/?page_id=1650#primaryimage\"},\"datePublished\":\"2022-02-13T21:12:46+00:00\",\"dateModified\":\"2022-02-15T14:06:04+00:00\",\"breadcrumb\":{\"@id\":\"http:\/\/www.pfad-amaliendorf-aalfang.at\/?page_id=1650#breadcrumb\"},\"inLanguage\":\"de\",\"potentialAction\":[{\"@type\":\"ReadAction\",\"target\":[\"http:\/\/www.pfad-amaliendorf-aalfang.at\/?page_id=1650\"]}]},{\"@type\":\"BreadcrumbList\",\"@id\":\"http:\/\/www.pfad-amaliendorf-aalfang.at\/?page_id=1650#breadcrumb\",\"itemListElement\":[{\"@type\":\"ListItem\",\"position\":1,\"name\":\"Startseite\",\"item\":\"http:\/\/www.pfad-amaliendorf-aalfang.at\/\"},{\"@type\":\"ListItem\",\"position\":2,\"name\":\"Datenschutz\"}]}]}<\/script>\n<!-- \/ Yoast SEO plugin. -->","yoast_head_json":{"title":"Datenschutz - Pfad Amaliendorf-Aalfang","robots":{"index":"index","follow":"follow","max-snippet":"max-snippet:-1","max-image-preview":"max-image-preview:large","max-video-preview":"max-video-preview:-1"},"canonical":"http:\/\/www.pfad-amaliendorf-aalfang.at\/?page_id=1650","og_locale":"de_DE","og_type":"article","og_title":"Datenschutz - Pfad Amaliendorf-Aalfang","og_description":"\u00a9 2022 Datenschutzerkl\u00e4rung Hinweise zur Datenverarbeitung im Zusammenhang mit Google Analytics Diese Website benutzt Google Analytics, einen Webanalysedienst der Google Ireland Limited. Wenn der Verantwortliche f\u00fcr die Datenverarbeitung auf dieser Website au\u00dferhalb des Europ\u00e4ischen Wirtschaftsraumes oder der Schweiz sitzt, dann erfolgt die Google Analytics Datenverarbeitung durch Google LLC. Google LLC und Google Ireland Limited werden [&hellip;]","og_url":"http:\/\/www.pfad-amaliendorf-aalfang.at\/?page_id=1650","og_site_name":"Pfad Amaliendorf-Aalfang","article_modified_time":"2022-02-15T14:06:04+00:00","og_image":[{"url":"http:\/\/www.pfad-amaliendorf-aalfang.at\/wp-content\/uploads\/2022\/02\/cropped-Pfad-Logo.jpg"}],"twitter_card":"summary_large_image","twitter_misc":{"Gesch\u00e4tzte Lesezeit":"3\u00a0Minuten"},"schema":{"@context":"https:\/\/schema.org","@graph":[{"@type":"Organization","@id":"http:\/\/www.pfad-amaliendorf-aalfang.at\/#organization","name":"Pfad Amaliendorf-Aalfang","url":"http:\/\/www.pfad-amaliendorf-aalfang.at\/","sameAs":[],"logo":{"@type":"ImageObject","inLanguage":"de","@id":"http:\/\/www.pfad-amaliendorf-aalfang.at\/#\/schema\/logo\/image\/","url":"http:\/\/www.pfad-amaliendorf-aalfang.at\/wp-content\/uploads\/2022\/02\/Pfad-Logo.jpg","contentUrl":"http:\/\/www.pfad-amaliendorf-aalfang.at\/wp-content\/uploads\/2022\/02\/Pfad-Logo.jpg","width":810,"height":734,"caption":"Pfad Amaliendorf-Aalfang"},"image":{"@id":"http:\/\/www.pfad-amaliendorf-aalfang.at\/#\/schema\/logo\/image\/"}},{"@type":"WebSite","@id":"http:\/\/www.pfad-amaliendorf-aalfang.at\/#website","url":"http:\/\/www.pfad-amaliendorf-aalfang.at\/","name":"Pfad Amaliendorf-Aalfang","description":"Ihr Wandererlebnis in Amaliendorf-Aalfang","publisher":{"@id":"http:\/\/www.pfad-amaliendorf-aalfang.at\/#organization"},"potentialAction":[{"@type":"SearchAction","target":{"@type":"EntryPoint","urlTemplate":"http:\/\/www.pfad-amaliendorf-aalfang.at\/?s={search_term_string}"},"query-input":"required name=search_term_string"}],"inLanguage":"de"},{"@type":"ImageObject","inLanguage":"de","@id":"http:\/\/www.pfad-amaliendorf-aalfang.at\/?page_id=1650#primaryimage","url":"http:\/\/www.pfad-amaliendorf-aalfang.at\/wp-content\/uploads\/2022\/02\/cropped-Pfad-Logo.jpg","contentUrl":"http:\/\/www.pfad-amaliendorf-aalfang.at\/wp-content\/uploads\/2022\/02\/cropped-Pfad-Logo.jpg","width":735,"height":733},{"@type":"WebPage","@id":"http:\/\/www.pfad-amaliendorf-aalfang.at\/?page_id=1650","url":"http:\/\/www.pfad-amaliendorf-aalfang.at\/?page_id=1650","name":"Datenschutz - Pfad Amaliendorf-Aalfang","isPartOf":{"@id":"http:\/\/www.pfad-amaliendorf-aalfang.at\/#website"},"primaryImageOfPage":{"@id":"http:\/\/www.pfad-amaliendorf-aalfang.at\/?page_id=1650#primaryimage"},"datePublished":"2022-02-13T21:12:46+00:00","dateModified":"2022-02-15T14:06:04+00:00","breadcrumb":{"@id":"http:\/\/www.pfad-amaliendorf-aalfang.at\/?page_id=1650#breadcrumb"},"inLanguage":"de","potentialAction":[{"@type":"ReadAction","target":["http:\/\/www.pfad-amaliendorf-aalfang.at\/?page_id=1650"]}]},{"@type":"BreadcrumbList","@id":"http:\/\/www.pfad-amaliendorf-aalfang.at\/?page_id=1650#breadcrumb","itemListElement":[{"@type":"ListItem","position":1,"name":"Startseite","item":"http:\/\/www.pfad-amaliendorf-aalfang.at\/"},{"@type":"ListItem","position":2,"name":"Datenschutz"}]}]}},"_links":{"self":[{"href":"http:\/\/www.pfad-amaliendorf-aalfang.at\/index.php?rest_route=\/wp\/v2\/pages\/1650","targetHints":{"allow":["GET"]}}],"collection":[{"href":"http:\/\/www.pfad-amaliendorf-aalfang.at\/index.php?rest_route=\/wp\/v2\/pages"}],"about":[{"href":"http:\/\/www.pfad-amaliendorf-aalfang.at\/index.php?rest_route=\/wp\/v2\/types\/page"}],"author":[{"embeddable":true,"href":"http:\/\/www.pfad-amaliendorf-aalfang.at\/index.php?rest_route=\/wp\/v2\/users\/1"}],"replies":[{"embeddable":true,"href":"http:\/\/www.pfad-amaliendorf-aalfang.at\/index.php?rest_route=%2Fwp%2Fv2%2Fcomments&post=1650"}],"version-history":[{"count":3,"href":"http:\/\/www.pfad-amaliendorf-aalfang.at\/index.php?rest_route=\/wp\/v2\/pages\/1650\/revisions"}],"predecessor-version":[{"id":1777,"href":"http:\/\/www.pfad-amaliendorf-aalfang.at\/index.php?rest_route=\/wp\/v2\/pages\/1650\/revisions\/1777"}],"wp:attachment":[{"href":"http:\/\/www.pfad-amaliendorf-aalfang.at\/index.php?rest_route=%2Fwp%2Fv2%2Fmedia&parent=1650"}],"curies":[{"name":"wp","href":"https:\/\/api.w.org\/{rel}","templated":true}]}}