{"id":1640,"date":"2022-02-13T22:03:33","date_gmt":"2022-02-13T21:03:33","guid":{"rendered":"http:\/\/www.pfad-amaliendorf-aalfang.at\/?page_id=1640"},"modified":"2023-04-27T18:56:38","modified_gmt":"2023-04-27T16:56:38","slug":"impressum","status":"publish","type":"page","link":"http:\/\/www.pfad-amaliendorf-aalfang.at\/?page_id=1640","title":{"rendered":"Impressum"},"content":{"rendered":"<div data-colibri-id=\"1640-c1\" class=\"style-1334 style-local-1640-c1 position-relative\">\n  <!---->\n  <div data-colibri-component=\"section\" data-colibri-id=\"1640-c2\" id=\"reusable-sections\" class=\"h-section h-section-global-spacing d-flex align-items-lg-center align-items-md-center align-items-center style-1335 style-local-1640-c2 position-relative\">\n    <!---->\n    <!---->\n    <div class=\"h-section-grid-container h-section-boxed-container\">\n      <!---->\n      <div data-colibri-id=\"1640-c3\" class=\"h-row-container gutters-row-lg-2 gutters-row-md-2 gutters-row-0 gutters-row-v-lg-2 gutters-row-v-md-2 gutters-row-v-2 style-1388 style-local-1640-c3 position-relative\">\n        <!---->\n        <div class=\"h-row justify-content-lg-center justify-content-md-center justify-content-center align-items-lg-stretch align-items-md-stretch align-items-stretch gutters-col-lg-2 gutters-col-md-2 gutters-col-0 gutters-col-v-lg-2 gutters-col-v-md-2 gutters-col-v-2\">\n          <!---->\n          <div class=\"h-column h-column-container d-flex h-col-lg-auto h-col-md-auto h-col-auto style-1389-outer style-local-1640-c4-outer\">\n            <div data-colibri-id=\"1640-c4\" class=\"d-flex h-flex-basis h-column__inner h-px-lg-2 h-px-md-2 h-px-2 v-inner-lg-2 v-inner-md-2 v-inner-2 style-1389 style-local-1640-c4 position-relative\">\n              <!---->\n              <!---->\n              <div class=\"w-100 h-y-container h-column__content h-column__v-align flex-basis-100 align-self-lg-start align-self-md-start align-self-start\">\n                <!---->\n                <div data-colibri-component=\"dropdown-menu\" role=\"navigation\" h-use-smooth-scroll-all=\"true\" data-colibri-id=\"1640-c5\" class=\"h-menu h-global-transition-all h-ignore-global-body-typography has-offcanvas-mobile h-menu-horizontal h-dropdown-menu style-1354 style-local-1640-c5 position-relative h-element\">\n                  <!---->\n                  <div class=\"h-global-transition-all h-main-menu\"><div class=\"colibri-menu-container\"><ul id=\"menu-hauptmenue\" class=\"colibri-menu bordered-active-item bordered-active-item--bottom effect-borders-grow grow-from-left\"><li id=\"menu-item-1080\" class=\"menu-item menu-item-type-post_type menu-item-object-page menu-item-home menu-item-1080\"><a href=\"http:\/\/www.pfad-amaliendorf-aalfang.at\/\">Der Pfad<\/a><\/li>\n<li id=\"menu-item-1091\" class=\"menu-item menu-item-type-post_type menu-item-object-page menu-item-1091\"><a href=\"http:\/\/www.pfad-amaliendorf-aalfang.at\/?page_id=1072\">Wanderkarte<\/a><\/li>\n<li id=\"menu-item-1090\" class=\"menu-item menu-item-type-post_type menu-item-object-page menu-item-1090\"><a href=\"http:\/\/www.pfad-amaliendorf-aalfang.at\/?page_id=1071\">Anfahrt<\/a><\/li>\n<li id=\"menu-item-1970\" class=\"menu-item menu-item-type-post_type menu-item-object-page menu-item-1970\"><a href=\"http:\/\/www.pfad-amaliendorf-aalfang.at\/?page_id=1939\">Aktuelles<\/a><\/li>\n<li id=\"menu-item-1092\" class=\"menu-item menu-item-type-post_type menu-item-object-page menu-item-1092\"><a href=\"http:\/\/www.pfad-amaliendorf-aalfang.at\/?page_id=1073\">Kontakt<\/a><\/li>\n<li id=\"menu-item-1087\" class=\"menu-item menu-item-type-post_type menu-item-object-page menu-item-1087\"><a href=\"http:\/\/www.pfad-amaliendorf-aalfang.at\/?page_id=1068\">Verein<\/a><\/li>\n<\/ul><\/div><\/div>\n                  <div data-colibri-id=\"1640-c6\" class=\"h-mobile-menu h-global-transition-disable style-1355 style-local-1640-c6 position-relative h-element\">\n                    <!---->\n                    <a data-click-outside=\"true\" data-target=\"#offcanvas-wrapper-1640-c6\" data-target-id=\"offcanvas-wrapper-1640-c6\" data-offcanvas-overlay-id=\"offcanvas-overlay-1640-c6\" href=\"#\" data-colibri-component=\"offcanvas\" data-direction=\"right\"\n                      data-push=\"false\" title=\"Menu\" class=\"h-hamburger-button\">\n                      <div class=\"icon-container h-hamburger-icon\">\n                        <div class=\"h-icon-svg\" style=\"width: 100%; height: 100%;\">\n                          <!--Icon by Font Awesome (https:\/\/fontawesome.com)-->\n                          <svg version=\"1.1\" xmlns=\"http:\/\/www.w3.org\/2000\/svg\" xmlns:xlink=\"http:\/\/www.w3.org\/1999\/xlink\" id=\"bars\" viewBox=\"0 0 1536 1896.0833\">\n                            <path d=\"M1536 1344v128q0 26-19 45t-45 19H64q-26 0-45-19t-19-45v-128q0-26 19-45t45-19h1408q26 0 45 19t19 45zm0-512v128q0 26-19 45t-45 19H64q-26 0-45-19T0 960V832q0-26 19-45t45-19h1408q26 0 45 19t19 45zm0-512v128q0 26-19 45t-45 19H64q-26 0-45-19T0 448V320q0-26 19-45t45-19h1408q26 0 45 19t19 45z\"><\/path>\n                          <\/svg>\n                        <\/div>\n                      <\/div>\n                    <\/a>\n                    <div id=\"offcanvas-wrapper-1640-c6\" class=\"h-offcanvas-panel offcanvas offcanvas-right hide force-hide style-1355-offscreen style-local-1640-c6-offscreen\">\n                      <div data-colibri-id=\"1640-c7\" class=\"d-flex flex-column h-offscreen-panel style-1356 style-local-1640-c7 position-relative h-element\">\n                        <!---->\n                        <div class=\"offscreen-header h-ui-empty-state-container\">\n                          <div data-colibri-id=\"1640-c9\" class=\"h-row-container gutters-row-lg-0 gutters-row-md-0 gutters-row-0 gutters-row-v-lg-0 gutters-row-v-md-0 gutters-row-v-0 style-1358 style-local-1640-c9 position-relative\">\n                            <!---->\n                            <div class=\"h-row justify-content-lg-center justify-content-md-center justify-content-center align-items-lg-stretch align-items-md-stretch align-items-stretch gutters-col-lg-0 gutters-col-md-0 gutters-col-0 gutters-col-v-lg-0 gutters-col-v-md-0 gutters-col-v-0\">\n                              <!---->\n                              <div class=\"h-column h-column-container d-flex h-col-lg h-col-md h-col-auto style-1359-outer style-local-1640-c10-outer\">\n                                <div data-colibri-id=\"1640-c10\" class=\"d-flex h-flex-basis h-column__inner h-px-lg-2 h-px-md-2 h-px-2 v-inner-lg-2 v-inner-md-2 v-inner-2 style-1359 style-local-1640-c10 position-relative\">\n                                  <!---->\n                                  <!---->\n                                  <div class=\"w-100 h-y-container h-column__content h-column__v-align flex-basis-100 align-self-lg-start align-self-md-start align-self-start\">\n                                    <!---->\n                                    <div data-colibri-id=\"1640-c11\" class=\"d-flex align-items-center text-lg-center text-md-center text-center justify-content-lg-center justify-content-md-center justify-content-center style-1360 style-local-1640-c11 position-relative h-element\">\n                                      <!---->\n                                      <a rel=\"home\" href=\"http:\/\/www.pfad-amaliendorf-aalfang.at\/\" h-use-smooth-scroll=\"true\" class=\"d-flex align-items-center\">\n                                        <img decoding=\"async\" src=\"http:\/\/www.pfad-amaliendorf-aalfang.at\/wp-content\/uploads\/2023\/04\/Pfad-Logo-interlaced.png\" class=\"h-logo__image h-logo__image_h logo-image style-1360-image style-local-1640-c11-image\" alt=\"\" \/>\n                                        <img decoding=\"async\" src=\"http:\/\/www.pfad-amaliendorf-aalfang.at\/wp-content\/uploads\/2022\/02\/cropped-Pfad-Logo.jpg\" class=\"h-logo__alt-image h-logo__alt-image_h logo-alt-image style-1360-image style-local-1640-c11-image\" alt=\"\" \/>\n                                      <\/a>\n                                    <\/div>\n                                  <\/div>\n                                <\/div>\n                              <\/div>\n                            <\/div>\n                          <\/div>\n                        <\/div>\n                        <div class=\"offscreen-content\">\n                          <!---->\n                          <div data-colibri-component=\"accordion-menu\" role=\"navigation\" h-use-smooth-scroll-all=\"true\" data-colibri-id=\"1640-c8\" class=\"h-menu h-global-transition-all h-ignore-global-body-typography h-mobile-menu h-menu-accordion style-1357 style-local-1640-c8 position-relative h-element\">\n                            <!---->\n                            <div class=\"h-global-transition-all h-mobile-menu\"><div class=\"colibri-menu-container\"><ul id=\"menu-hauptmenue-1\" class=\"colibri-menu none \"><li class=\"menu-item menu-item-type-post_type menu-item-object-page menu-item-home menu-item-1080\"><a href=\"http:\/\/www.pfad-amaliendorf-aalfang.at\/\">Der Pfad<\/a><\/li>\n<li class=\"menu-item menu-item-type-post_type menu-item-object-page menu-item-1091\"><a href=\"http:\/\/www.pfad-amaliendorf-aalfang.at\/?page_id=1072\">Wanderkarte<\/a><\/li>\n<li class=\"menu-item menu-item-type-post_type menu-item-object-page menu-item-1090\"><a href=\"http:\/\/www.pfad-amaliendorf-aalfang.at\/?page_id=1071\">Anfahrt<\/a><\/li>\n<li class=\"menu-item menu-item-type-post_type menu-item-object-page menu-item-1970\"><a href=\"http:\/\/www.pfad-amaliendorf-aalfang.at\/?page_id=1939\">Aktuelles<\/a><\/li>\n<li class=\"menu-item menu-item-type-post_type menu-item-object-page menu-item-1092\"><a href=\"http:\/\/www.pfad-amaliendorf-aalfang.at\/?page_id=1073\">Kontakt<\/a><\/li>\n<li class=\"menu-item menu-item-type-post_type menu-item-object-page menu-item-1087\"><a href=\"http:\/\/www.pfad-amaliendorf-aalfang.at\/?page_id=1068\">Verein<\/a><\/li>\n<\/ul><\/div><\/div>\n                          <\/div>\n                        <\/div>\n                        <div class=\"offscreen-footer h-ui-empty-state-container\">\n                          <div data-colibri-id=\"1640-c12\" class=\"h-row-container gutters-row-lg-0 gutters-row-md-0 gutters-row-0 gutters-row-v-lg-0 gutters-row-v-md-0 gutters-row-v-0 style-1361 style-local-1640-c12 position-relative\">\n                            <!---->\n                            <div class=\"h-row justify-content-lg-center justify-content-md-center justify-content-center align-items-lg-stretch align-items-md-stretch align-items-stretch gutters-col-lg-0 gutters-col-md-0 gutters-col-0 gutters-col-v-lg-0 gutters-col-v-md-0 gutters-col-v-0\">\n                              <!---->\n                              <div class=\"h-column h-column-container d-flex h-col-lg h-col-md h-col-auto style-1362-outer style-local-1640-c13-outer\">\n                                <div data-colibri-id=\"1640-c13\" class=\"d-flex h-flex-basis h-column__inner h-px-lg-2 h-px-md-2 h-px-2 v-inner-lg-2 v-inner-md-2 v-inner-2 style-1362 style-local-1640-c13 position-relative\">\n                                  <!---->\n                                  <!---->\n                                  <div class=\"w-100 h-y-container h-column__content h-column__v-align flex-basis-100 align-self-lg-start align-self-md-start align-self-start\">\n                                    <!---->\n                                    <div data-colibri-id=\"1640-c14\" class=\"h-text h-text-component style-1363 style-local-1640-c14 position-relative h-element\">\n                                      <!---->\n                                      <!---->\n                                      <div class=\"\">\n                                        <p>\u00a9 2022<\/p>\n                                      <\/div>\n                                    <\/div>\n                                  <\/div>\n                                <\/div>\n                              <\/div>\n                            <\/div>\n                          <\/div>\n                        <\/div>\n                      <\/div>\n                    <\/div>\n                    <div id=\"offcanvas-overlay-1640-c6\" class=\"offscreen-overlay style-1355-offscreenOverlay style-local-1640-c6-offscreenOverlay\"><\/div>\n                  <\/div>\n                <\/div>\n              <\/div>\n            <\/div>\n          <\/div>\n        <\/div>\n      <\/div>\n      <div data-colibri-id=\"1640-c15\" class=\"h-row-container gutters-row-lg-2 gutters-row-md-2 gutters-row-0 gutters-row-v-lg-2 gutters-row-v-md-2 gutters-row-v-2 style-1390 style-local-1640-c15 position-relative\">\n        <!---->\n        <div class=\"h-row justify-content-lg-center justify-content-md-center justify-content-center align-items-lg-stretch align-items-md-stretch align-items-stretch gutters-col-lg-2 gutters-col-md-2 gutters-col-0 gutters-col-v-lg-2 gutters-col-v-md-2 gutters-col-v-2\">\n          <!---->\n          <div class=\"h-column h-column-container d-flex h-col-lg-auto h-col-md-auto h-col-auto style-1391-outer style-local-1640-c16-outer\">\n            <div data-colibri-id=\"1640-c16\" class=\"d-flex h-flex-basis h-column__inner h-ui-empty-state-container h-px-lg-2 h-px-md-2 h-px-2 v-inner-lg-2 v-inner-md-2 v-inner-2 style-1391 style-local-1640-c16 position-relative\">\n              <!---->\n              <!---->\n              <div class=\"w-100 h-y-container h-column__content h-column__v-align flex-basis-100\">\n                <!---->\n              <\/div>\n            <\/div>\n          <\/div>\n          <div class=\"h-column h-column-container d-flex h-col-lg-auto h-col-md-auto h-col-auto style-1399-outer style-local-1640-c17-outer\">\n            <div data-colibri-id=\"1640-c17\" class=\"d-flex h-flex-basis h-column__inner h-px-lg-2 h-px-md-2 h-px-2 v-inner-lg-2 v-inner-md-2 v-inner-2 style-1399 style-local-1640-c17 position-relative\">\n              <!---->\n              <!---->\n              <div class=\"w-100 h-y-container h-column__content h-column__v-align flex-basis-100 align-self-lg-start align-self-md-start align-self-start\">\n                <!---->\n                <div data-colibri-id=\"1640-c18\" class=\"d-block style-1394 style-local-1640-c18 position-relative h-element\">\n                  <!---->\n                  <div class=\"h-image__frame-container-outer\">\n                    <div class=\"h-image__frame-container\">\n                      <!---->\n                      <!---->\n                      <img loading=\"lazy\" decoding=\"async\" width=\"2560\" height=\"698\" src=\"http:\/\/www.pfad-amaliendorf-aalfang.at\/wp-content\/uploads\/2022\/02\/02dorv-amaliendorf-aalfang-logo-scaled.jpg\" class=\"wp-image-1197 style-1394-image style-local-1640-c18-image\" alt=\"\" srcset=\"http:\/\/www.pfad-amaliendorf-aalfang.at\/wp-content\/uploads\/2022\/02\/02dorv-amaliendorf-aalfang-logo-scaled.jpg 2560w, http:\/\/www.pfad-amaliendorf-aalfang.at\/wp-content\/uploads\/2022\/02\/02dorv-amaliendorf-aalfang-logo-300x82.jpg 300w, http:\/\/www.pfad-amaliendorf-aalfang.at\/wp-content\/uploads\/2022\/02\/02dorv-amaliendorf-aalfang-logo-1024x279.jpg 1024w, http:\/\/www.pfad-amaliendorf-aalfang.at\/wp-content\/uploads\/2022\/02\/02dorv-amaliendorf-aalfang-logo-768x209.jpg 768w, http:\/\/www.pfad-amaliendorf-aalfang.at\/wp-content\/uploads\/2022\/02\/02dorv-amaliendorf-aalfang-logo-1536x419.jpg 1536w, http:\/\/www.pfad-amaliendorf-aalfang.at\/wp-content\/uploads\/2022\/02\/02dorv-amaliendorf-aalfang-logo-2048x559.jpg 2048w\" sizes=\"auto, (max-width: 2560px) 100vw, 2560px\" \/>\n                      <div class=\"h-image__frame h-hide-lg h-hide-md h-hide-sm style-1394-frameImage style-local-1640-c18-frameImage\"><\/div>\n                    <\/div>\n                  <\/div>\n                <\/div>\n              <\/div>\n            <\/div>\n          <\/div>\n          <div class=\"h-column h-column-container d-flex h-col-lg-auto h-col-md-auto h-col-auto style-1400-outer style-local-1640-c19-outer\">\n            <div data-colibri-id=\"1640-c19\" class=\"d-flex h-flex-basis h-column__inner h-ui-empty-state-container h-px-lg-2 h-px-md-2 h-px-2 v-inner-lg-2 v-inner-md-2 v-inner-2 style-1400 style-local-1640-c19 position-relative\">\n              <!---->\n              <!---->\n              <div class=\"w-100 h-y-container h-column__content h-column__v-align flex-basis-100\">\n                <!---->\n              <\/div>\n            <\/div>\n          <\/div>\n        <\/div>\n      <\/div>\n      <div data-colibri-id=\"1640-c20\" class=\"h-row-container gutters-row-lg-2 gutters-row-md-2 gutters-row-0 gutters-row-v-lg-2 gutters-row-v-md-2 gutters-row-v-2 style-1395 style-local-1640-c20 position-relative\">\n        <!---->\n        <div class=\"h-row justify-content-lg-center justify-content-md-center justify-content-center align-items-lg-stretch align-items-md-stretch align-items-stretch gutters-col-lg-2 gutters-col-md-2 gutters-col-0 gutters-col-v-lg-2 gutters-col-v-md-2 gutters-col-v-2\">\n          <!---->\n          <div class=\"h-column h-column-container d-flex h-col-lg-auto h-col-md-auto h-col-auto style-1396-outer style-local-1640-c21-outer\">\n            <div data-colibri-id=\"1640-c21\" class=\"d-flex h-flex-basis h-column__inner h-px-lg-2 h-px-md-2 h-px-2 v-inner-lg-2 v-inner-md-2 v-inner-2 style-1396 style-local-1640-c21 position-relative\">\n              <!---->\n              <!---->\n              <div class=\"w-100 h-y-container h-column__content h-column__v-align flex-basis-100 align-self-lg-start align-self-md-start align-self-start\">\n                <!---->\n                <div data-colibri-id=\"1640-c22\" class=\"h-text h-text-component style-1398 style-local-1640-c22 position-relative h-element\">\n                  <!---->\n                  <!---->\n                  <div class=\"\">\n                    <p><strong style=\"color: rgb(255, 255, 255); font-weight: 700;\">Dorferneuerung Amaliendorf-Aalfang<\/strong><span style=\"color: rgb(255, 255, 255);\"><br>Hauptstra\u00dfe 210<br>3872 Amaliendorf<\/span><\/p>\n                    <p><span style=\"color: rgb(255, 255, 255);\">Tel. 0664 \/ 3883991<br>E-Mail:patrick.sautner@gmx.net<\/span><\/p>\n                    <p><span style=\"color: rgb(255, 255, 255);\">ZVR 566826997<\/span><\/p>\n                    <p><span style=\"color: rgb(255, 255, 255);\">Obmann:<\/span><span style=\"color: rgb(255, 255, 255); font-weight: 400; font-size: 18px; font-family: Tinos;\">&nbsp;Herr Patrick Sautner<\/span><\/p>\n                    <p><strong style=\"color: rgb(255, 255, 255);\">Disclaimer-Haftungsausschluss<\/strong><\/p>\n                    <p><span style=\"color: rgb(255, 255, 255);\">Alle auf diesen Internetseiten enthaltenen Informationen wurden nach bestem Wissen erstellt und mit gr\u00f6\u00dftm\u00f6glicher Sorgfalt \u00fcberpr\u00fcft. Dennoch sind Fehler nicht v\u00f6llig auszuschlie\u00dfen. Daher erfolgen alle Angaben usw. ohne jegliche Verpflichtung oder Garantie. Wir \u00fcbernehmen deshalb keinerlei Verantwortung und Haftung f\u00fcr etwa vorhandene inhaltliche Unrichtigkeiten. F\u00fcr Vollst\u00e4ndigkeit, Fehler redaktioneller und technischer Art, Auslassungen usw. sowie die Richtigkeit der Eintragungen kann keine Haftung \u00fcbernommen werden.<\/span><\/p>\n                    <p><span style=\"color: rgb(255, 255, 255);\">Insbesondere kann keine Gew\u00e4hr f\u00fcr die Vollst\u00e4ndigkeit und Richtigkeit von Informationen \u00fcbernommen werden, die \u00fcber weiterf\u00fchrende Links erreicht werden.<\/span><\/p>\n                    <p><span style=\"color: rgb(255, 255, 255);\">Wir behalten uns das Recht vor, ohne vorherige Ank\u00fcndigung die bereitgestellten Informationen zu \u00e4ndern, zu erg\u00e4nzen oder zu entfernen.<\/span><\/p>\n                    <p><span style=\"color: rgb(255, 255, 255);\">Dieser Disclaimer \/ Haftungsausschluss ist als Teil des Internetangebotes zu betrachten, von dem aus auf diese Seite verwiesen wurde. Sofern Teile oder einzelne Formulierungen dieses Textes der geltenden Rechtslage nicht, nicht mehr oder nicht vollst\u00e4ndig entsprechen sollten, bleiben die \u00fcbrigen Teile des Dokumentes in ihrem Inhalt und ihrer G\u00fcltigkeit davon unber\u00fchrt.<\/span><\/p>\n                  <\/div>\n                <\/div>\n              <\/div>\n            <\/div>\n          <\/div>\n        <\/div>\n      <\/div>\n    <\/div>\n  <\/div>\n<\/div>","protected":false},"excerpt":{"rendered":"<p>\u00a9 2022 Dorferneuerung Amaliendorf-AalfangHauptstra\u00dfe 2103872 Amaliendorf Tel. 0664 \/ 3883991E-Mail:patrick.sautner@gmx.net ZVR 566826997 Obmann:&nbsp;Herr Patrick Sautner Disclaimer-Haftungsausschluss Alle auf diesen Internetseiten enthaltenen Informationen wurden nach bestem Wissen erstellt und mit gr\u00f6\u00dftm\u00f6glicher Sorgfalt \u00fcberpr\u00fcft. Dennoch sind Fehler nicht v\u00f6llig auszuschlie\u00dfen. Daher erfolgen alle Angaben usw. ohne jegliche Verpflichtung oder Garantie. Wir \u00fcbernehmen deshalb keinerlei Verantwortung und Haftung [&hellip;]<\/p>\n","protected":false},"author":1,"featured_media":0,"parent":0,"menu_order":0,"comment_status":"closed","ping_status":"closed","template":"page-templates\/full-width-page.php","meta":{"footnotes":""},"class_list":["post-1640","page","type-page","status-publish","hentry"],"yoast_head":"<!-- This site is optimized with the Yoast SEO plugin v19.3 - https:\/\/yoast.com\/wordpress\/plugins\/seo\/ -->\n<title>Impressum - Pfad Amaliendorf-Aalfang<\/title>\n<meta name=\"robots\" content=\"index, follow, max-snippet:-1, max-image-preview:large, max-video-preview:-1\" \/>\n<link rel=\"canonical\" href=\"http:\/\/www.pfad-amaliendorf-aalfang.at\/?page_id=1640\" \/>\n<meta property=\"og:locale\" content=\"de_DE\" \/>\n<meta property=\"og:type\" content=\"article\" \/>\n<meta property=\"og:title\" content=\"Impressum - Pfad Amaliendorf-Aalfang\" \/>\n<meta property=\"og:description\" content=\"\u00a9 2022 Dorferneuerung Amaliendorf-AalfangHauptstra\u00dfe 2103872 Amaliendorf Tel. 0664 \/ 3883991E-Mail:patrick.sautner@gmx.net ZVR 566826997 Obmann:&nbsp;Herr Patrick Sautner Disclaimer-Haftungsausschluss Alle auf diesen Internetseiten enthaltenen Informationen wurden nach bestem Wissen erstellt und mit gr\u00f6\u00dftm\u00f6glicher Sorgfalt \u00fcberpr\u00fcft. Dennoch sind Fehler nicht v\u00f6llig auszuschlie\u00dfen. Daher erfolgen alle Angaben usw. ohne jegliche Verpflichtung oder Garantie. Wir \u00fcbernehmen deshalb keinerlei Verantwortung und Haftung [&hellip;]\" \/>\n<meta property=\"og:url\" content=\"http:\/\/www.pfad-amaliendorf-aalfang.at\/?page_id=1640\" \/>\n<meta property=\"og:site_name\" content=\"Pfad Amaliendorf-Aalfang\" \/>\n<meta property=\"article:modified_time\" content=\"2023-04-27T16:56:38+00:00\" \/>\n<meta property=\"og:image\" content=\"http:\/\/www.pfad-amaliendorf-aalfang.at\/wp-content\/uploads\/2022\/02\/cropped-Pfad-Logo.jpg\" \/>\n<meta name=\"twitter:card\" content=\"summary_large_image\" \/>\n<meta name=\"twitter:label1\" content=\"Gesch\u00e4tzte Lesezeit\" \/>\n\t<meta name=\"twitter:data1\" content=\"1\u00a0Minute\" \/>\n<script type=\"application\/ld+json\" class=\"yoast-schema-graph\">{\"@context\":\"https:\/\/schema.org\",\"@graph\":[{\"@type\":\"Organization\",\"@id\":\"http:\/\/www.pfad-amaliendorf-aalfang.at\/#organization\",\"name\":\"Pfad Amaliendorf-Aalfang\",\"url\":\"http:\/\/www.pfad-amaliendorf-aalfang.at\/\",\"sameAs\":[],\"logo\":{\"@type\":\"ImageObject\",\"inLanguage\":\"de\",\"@id\":\"http:\/\/www.pfad-amaliendorf-aalfang.at\/#\/schema\/logo\/image\/\",\"url\":\"http:\/\/www.pfad-amaliendorf-aalfang.at\/wp-content\/uploads\/2022\/02\/Pfad-Logo.jpg\",\"contentUrl\":\"http:\/\/www.pfad-amaliendorf-aalfang.at\/wp-content\/uploads\/2022\/02\/Pfad-Logo.jpg\",\"width\":810,\"height\":734,\"caption\":\"Pfad Amaliendorf-Aalfang\"},\"image\":{\"@id\":\"http:\/\/www.pfad-amaliendorf-aalfang.at\/#\/schema\/logo\/image\/\"}},{\"@type\":\"WebSite\",\"@id\":\"http:\/\/www.pfad-amaliendorf-aalfang.at\/#website\",\"url\":\"http:\/\/www.pfad-amaliendorf-aalfang.at\/\",\"name\":\"Pfad Amaliendorf-Aalfang\",\"description\":\"Ihr Wandererlebnis in Amaliendorf-Aalfang\",\"publisher\":{\"@id\":\"http:\/\/www.pfad-amaliendorf-aalfang.at\/#organization\"},\"potentialAction\":[{\"@type\":\"SearchAction\",\"target\":{\"@type\":\"EntryPoint\",\"urlTemplate\":\"http:\/\/www.pfad-amaliendorf-aalfang.at\/?s={search_term_string}\"},\"query-input\":\"required name=search_term_string\"}],\"inLanguage\":\"de\"},{\"@type\":\"ImageObject\",\"inLanguage\":\"de\",\"@id\":\"http:\/\/www.pfad-amaliendorf-aalfang.at\/?page_id=1640#primaryimage\",\"url\":\"http:\/\/www.pfad-amaliendorf-aalfang.at\/wp-content\/uploads\/2022\/02\/cropped-Pfad-Logo.jpg\",\"contentUrl\":\"http:\/\/www.pfad-amaliendorf-aalfang.at\/wp-content\/uploads\/2022\/02\/cropped-Pfad-Logo.jpg\",\"width\":735,\"height\":733},{\"@type\":\"WebPage\",\"@id\":\"http:\/\/www.pfad-amaliendorf-aalfang.at\/?page_id=1640\",\"url\":\"http:\/\/www.pfad-amaliendorf-aalfang.at\/?page_id=1640\",\"name\":\"Impressum - Pfad Amaliendorf-Aalfang\",\"isPartOf\":{\"@id\":\"http:\/\/www.pfad-amaliendorf-aalfang.at\/#website\"},\"primaryImageOfPage\":{\"@id\":\"http:\/\/www.pfad-amaliendorf-aalfang.at\/?page_id=1640#primaryimage\"},\"datePublished\":\"2022-02-13T21:03:33+00:00\",\"dateModified\":\"2023-04-27T16:56:38+00:00\",\"breadcrumb\":{\"@id\":\"http:\/\/www.pfad-amaliendorf-aalfang.at\/?page_id=1640#breadcrumb\"},\"inLanguage\":\"de\",\"potentialAction\":[{\"@type\":\"ReadAction\",\"target\":[\"http:\/\/www.pfad-amaliendorf-aalfang.at\/?page_id=1640\"]}]},{\"@type\":\"BreadcrumbList\",\"@id\":\"http:\/\/www.pfad-amaliendorf-aalfang.at\/?page_id=1640#breadcrumb\",\"itemListElement\":[{\"@type\":\"ListItem\",\"position\":1,\"name\":\"Startseite\",\"item\":\"http:\/\/www.pfad-amaliendorf-aalfang.at\/\"},{\"@type\":\"ListItem\",\"position\":2,\"name\":\"Impressum\"}]}]}<\/script>\n<!-- \/ Yoast SEO plugin. -->","yoast_head_json":{"title":"Impressum - Pfad Amaliendorf-Aalfang","robots":{"index":"index","follow":"follow","max-snippet":"max-snippet:-1","max-image-preview":"max-image-preview:large","max-video-preview":"max-video-preview:-1"},"canonical":"http:\/\/www.pfad-amaliendorf-aalfang.at\/?page_id=1640","og_locale":"de_DE","og_type":"article","og_title":"Impressum - Pfad Amaliendorf-Aalfang","og_description":"\u00a9 2022 Dorferneuerung Amaliendorf-AalfangHauptstra\u00dfe 2103872 Amaliendorf Tel. 0664 \/ 3883991E-Mail:patrick.sautner@gmx.net ZVR 566826997 Obmann:&nbsp;Herr Patrick Sautner Disclaimer-Haftungsausschluss Alle auf diesen Internetseiten enthaltenen Informationen wurden nach bestem Wissen erstellt und mit gr\u00f6\u00dftm\u00f6glicher Sorgfalt \u00fcberpr\u00fcft. Dennoch sind Fehler nicht v\u00f6llig auszuschlie\u00dfen. Daher erfolgen alle Angaben usw. ohne jegliche Verpflichtung oder Garantie. Wir \u00fcbernehmen deshalb keinerlei Verantwortung und Haftung [&hellip;]","og_url":"http:\/\/www.pfad-amaliendorf-aalfang.at\/?page_id=1640","og_site_name":"Pfad Amaliendorf-Aalfang","article_modified_time":"2023-04-27T16:56:38+00:00","og_image":[{"url":"http:\/\/www.pfad-amaliendorf-aalfang.at\/wp-content\/uploads\/2022\/02\/cropped-Pfad-Logo.jpg"}],"twitter_card":"summary_large_image","twitter_misc":{"Gesch\u00e4tzte Lesezeit":"1\u00a0Minute"},"schema":{"@context":"https:\/\/schema.org","@graph":[{"@type":"Organization","@id":"http:\/\/www.pfad-amaliendorf-aalfang.at\/#organization","name":"Pfad Amaliendorf-Aalfang","url":"http:\/\/www.pfad-amaliendorf-aalfang.at\/","sameAs":[],"logo":{"@type":"ImageObject","inLanguage":"de","@id":"http:\/\/www.pfad-amaliendorf-aalfang.at\/#\/schema\/logo\/image\/","url":"http:\/\/www.pfad-amaliendorf-aalfang.at\/wp-content\/uploads\/2022\/02\/Pfad-Logo.jpg","contentUrl":"http:\/\/www.pfad-amaliendorf-aalfang.at\/wp-content\/uploads\/2022\/02\/Pfad-Logo.jpg","width":810,"height":734,"caption":"Pfad Amaliendorf-Aalfang"},"image":{"@id":"http:\/\/www.pfad-amaliendorf-aalfang.at\/#\/schema\/logo\/image\/"}},{"@type":"WebSite","@id":"http:\/\/www.pfad-amaliendorf-aalfang.at\/#website","url":"http:\/\/www.pfad-amaliendorf-aalfang.at\/","name":"Pfad Amaliendorf-Aalfang","description":"Ihr Wandererlebnis in Amaliendorf-Aalfang","publisher":{"@id":"http:\/\/www.pfad-amaliendorf-aalfang.at\/#organization"},"potentialAction":[{"@type":"SearchAction","target":{"@type":"EntryPoint","urlTemplate":"http:\/\/www.pfad-amaliendorf-aalfang.at\/?s={search_term_string}"},"query-input":"required name=search_term_string"}],"inLanguage":"de"},{"@type":"ImageObject","inLanguage":"de","@id":"http:\/\/www.pfad-amaliendorf-aalfang.at\/?page_id=1640#primaryimage","url":"http:\/\/www.pfad-amaliendorf-aalfang.at\/wp-content\/uploads\/2022\/02\/cropped-Pfad-Logo.jpg","contentUrl":"http:\/\/www.pfad-amaliendorf-aalfang.at\/wp-content\/uploads\/2022\/02\/cropped-Pfad-Logo.jpg","width":735,"height":733},{"@type":"WebPage","@id":"http:\/\/www.pfad-amaliendorf-aalfang.at\/?page_id=1640","url":"http:\/\/www.pfad-amaliendorf-aalfang.at\/?page_id=1640","name":"Impressum - Pfad Amaliendorf-Aalfang","isPartOf":{"@id":"http:\/\/www.pfad-amaliendorf-aalfang.at\/#website"},"primaryImageOfPage":{"@id":"http:\/\/www.pfad-amaliendorf-aalfang.at\/?page_id=1640#primaryimage"},"datePublished":"2022-02-13T21:03:33+00:00","dateModified":"2023-04-27T16:56:38+00:00","breadcrumb":{"@id":"http:\/\/www.pfad-amaliendorf-aalfang.at\/?page_id=1640#breadcrumb"},"inLanguage":"de","potentialAction":[{"@type":"ReadAction","target":["http:\/\/www.pfad-amaliendorf-aalfang.at\/?page_id=1640"]}]},{"@type":"BreadcrumbList","@id":"http:\/\/www.pfad-amaliendorf-aalfang.at\/?page_id=1640#breadcrumb","itemListElement":[{"@type":"ListItem","position":1,"name":"Startseite","item":"http:\/\/www.pfad-amaliendorf-aalfang.at\/"},{"@type":"ListItem","position":2,"name":"Impressum"}]}]}},"_links":{"self":[{"href":"http:\/\/www.pfad-amaliendorf-aalfang.at\/index.php?rest_route=\/wp\/v2\/pages\/1640","targetHints":{"allow":["GET"]}}],"collection":[{"href":"http:\/\/www.pfad-amaliendorf-aalfang.at\/index.php?rest_route=\/wp\/v2\/pages"}],"about":[{"href":"http:\/\/www.pfad-amaliendorf-aalfang.at\/index.php?rest_route=\/wp\/v2\/types\/page"}],"author":[{"embeddable":true,"href":"http:\/\/www.pfad-amaliendorf-aalfang.at\/index.php?rest_route=\/wp\/v2\/users\/1"}],"replies":[{"embeddable":true,"href":"http:\/\/www.pfad-amaliendorf-aalfang.at\/index.php?rest_route=%2Fwp%2Fv2%2Fcomments&post=1640"}],"version-history":[{"count":4,"href":"http:\/\/www.pfad-amaliendorf-aalfang.at\/index.php?rest_route=\/wp\/v2\/pages\/1640\/revisions"}],"predecessor-version":[{"id":2044,"href":"http:\/\/www.pfad-amaliendorf-aalfang.at\/index.php?rest_route=\/wp\/v2\/pages\/1640\/revisions\/2044"}],"wp:attachment":[{"href":"http:\/\/www.pfad-amaliendorf-aalfang.at\/index.php?rest_route=%2Fwp%2Fv2%2Fmedia&parent=1640"}],"curies":[{"name":"wp","href":"https:\/\/api.w.org\/{rel}","templated":true}]}}